{"id":2948,"date":"2017-06-23T17:35:33","date_gmt":"2017-06-23T14:35:33","guid":{"rendered":"https:\/\/slowowiary.org\/?page_id=2948"},"modified":"2023-08-31T11:21:30","modified_gmt":"2023-08-31T08:21:30","slug":"our-story","status":"publish","type":"page","link":"https:\/\/slowowiary.org\/pl\/our-story\/","title":{"rendered":"Nasza historia"},"content":{"rendered":"<section class=\"kc-elm kc-css-659763 kc_row\"><div class=\"kc-row-container  kc-container\"><div class=\"kc-wrap-columns\"><div class=\"kc-elm kc-css-597730 kc_col-sm-12 kc_column kc_col-sm-12\"><div class=\"kc-col-container\"><div class=\"kc-elm kc-css-853459 kc_row kc_row_inner\"><div class=\"kc-elm kc-css-146620 kc_col-sm-6 kc_column_inner kc_col-sm-6 col-sm-12\"><div class=\"kc_wrapper kc-col-inner-container\"><div class=\"kc-elm kc-css-234205 kc_shortcode kc_single_image\">\n\n        <img decoding=\"async\" src=\"https:\/\/slowowiary.org\/wp-content\/uploads\/2023\/07\/DSC01370.jpeg\" class=\"\" alt=\"\" \/>    <\/div>\n<\/div><\/div><div class=\"kc-elm kc-css-330338 kc_col-sm-6 kc_column_inner kc_col-sm-6 col-sm-12\"><div class=\"kc_wrapper kc-col-inner-container\"><div class=\"kc-elm kc-css-367727 kc_text_block\"><p><span style=\"font-weight: 400;\">W <strong>2014 roku<\/strong> powsta\u0142a pierwsza grupa domowa ukrai\u0144skiej diaspory w Warszawie. Codziennie odbywa\u0142y si\u0119 wieczorne modlitwy, \u015bpiewano chrze\u015bcija\u0144skie pie\u015bni, a grupa budowa\u0142a wzajemne relacje. <\/span><\/p>\n<p><span style=\"font-weight: 400;\"><strong>Rok 2016<\/strong> by\u0142 oficjalnym rokiem rejestracji Zboru w Warszawie i ustanowienia Oleksandra Demianenko pastorem.<\/span><\/p>\n<p><strong style=\"font-weight: 400;\">Rok 2019<\/strong>&nbsp;&#8211; Zb\u00f3r rozwija si\u0119 dynamicznie, otwierane nowe punkty w innych miastach Polski.<\/p>\n<ul>\n<li style=\"font-weight: 400;\" aria-level=\"1\"><span style=\"font-weight: 400;\">Kilku us\u0142uguj\u0105cych zosta\u0142o powo\u0142anych do pomocy w pracy duszpasterskiej.<\/span><\/li>\n<li style=\"font-weight: 400;\" aria-level=\"1\"><span style=\"font-weight: 400;\">Powstaje dzia\u0142 edukacji i studi\u00f3w biblijnych.<\/span><\/li>\n<li style=\"font-weight: 400;\" aria-level=\"1\"><span style=\"font-weight: 400;\">Rozwija si\u0119 ruch m\u0142odzie\u017cowy.<\/span><\/li>\n<li style=\"font-weight: 400;\" aria-level=\"1\"><span style=\"font-weight: 400;\">Aktywnie prowadzona jest ewangelizacja.<\/span><\/li>\n<\/ul>\n<p><span style=\"font-weight: 400;\">W <strong>2022 roku<\/strong>,  rozumiej\u0105c wyzwanie wojny, nie mogli\u015bmy pozosta\u0107 biernymi i od pierwszego dnia wojny utworzyli\u015bmy centrum koordynacji pomocy uchod\u017acom, infolini\u0119; udzielali\u015bmy porad dotycz\u0105cych przekraczania granicy, osiedlenia si\u0119, zatrudnienia, pomocy prawnej, w tym legalizacji pobytu w Polsce i wielu innych kwestii. Ponad 50 wolontariuszy stara\u0142o si\u0119 pomaga\u0107 uchod\u017acom zar\u00f3wno w dzie\u0144, jak i w nocy.<\/span><\/p>\n<p>W <strong>sierpniu 2022 r<\/strong> w Warszawie powsta\u0142 LIFE Center, w kt\u00f3rym \u015bwiadczymy bezp\u0142atne us\u0142ugi: nauk\u0119 j\u0119zyka polskiego i angielskiego, us\u0142ugi &nbsp;fryzjerskie, wsparcie emocjonalne, psychologiczne i duchowe oraz pomoc w adaptacji w Polsce.<\/p>\n<p><span style=\"font-weight: 400;\">Otworzyli\u015bmy przedszkole, kt\u00f3re sta\u0142o si\u0119 \u015brodowiskiem integracyjnym dla Ukrai\u0144c\u00f3w i Polak\u00f3w, gdzie warto\u015bci chrze\u015bcija\u0144skie s\u0105 podstaw\u0105 edukacji dzieci.<\/span><\/p>\n<p><strong>Dzia\u0142alno\u015b\u0107 Zboru&nbsp;<a href=\"https:\/\/www.youtube.com\/watch?v=ADd6B6d_gIM\">na YouTube<\/a><\/strong><\/p>\n<\/div><div class=\"kc-elm kc-css-349038\" style=\"height: 20px; clear: both; width:100%;\"><\/div><\/div><\/div><\/div><div class=\"kc-elm kc-css-843647 kc_row kc_row_inner\"><div class=\"kc-elm kc-css-376062 kc_col-sm-12 kc_column_inner kc_col-sm-12\"><div class=\"kc_wrapper kc-col-inner-container\"><div class=\"pastor-quote-block\">\n\t\t    <span class=\"quotes-icon\"><i class=\"fa fa-quote-left\"><\/i><\/span>\n\t\t    <p>Wierzymy \u017ce: Pan B\u00f3g jest jedynym Panem. Jest Wszechmog\u0105cym Stw\u00f3rc\u0105, kt\u00f3ry stworzy\u0142 niebo i ziemi\u0119, wszystko, co widzialne i niewidzialne, a tak\u017ce cz\u0142owieka, na obraz i podobie\u0144stwo Boga, objawiaj\u0105c si\u0119 w trzech Osobach. Ojciec, Syn i Duch \u015awi\u0119ty s\u0105 trzema wiecznymi Osobami Boskimi, kt\u00f3re r\u00f3\u017cni\u0105 si\u0119 w swoich przejawach i pos\u0142ugach, ale s\u0105 r\u00f3wne w naturze i istocie i s\u0105 Jednym Bogiem.<\/p>\n\t\t     <span class=\"quotes-icon\"><i class=\"fa fa-quote-right\"><\/i><\/span>\n\t\t  <\/div><\/div><\/div><\/div><\/div><\/div><\/div><\/div><\/section><section class=\"kc-elm kc-css-600095 kc_row\"><div class=\"kc-row-container  kc-container  form-main-block form-two pastor-form\"><div class=\"kc-wrap-columns\"><div class=\"kc-elm kc-css-592166 kc_col-sm-12 kc_column kc_col-sm-12\"><div class=\"kc-col-container\"><div class=\"kc-elm kc-css-825583 kc_text_block\"><div class=\"form-section\" style=\"text-align: center;\">\n<h4 class=\"form-heading\">Je\u015bli potrzebujesz wsparcia modlitewnego lub rozmowy, skontaktuj si\u0119 z nami<\/h4>\n<\/p>\n<h4><a href=\"tel:+48504739000\"> +48 504 739 000<\/a><\/h4>\n<\/p>\n<\/div>\n<\/div><div class=\"kc-elm kc-css-805625 kc_text_block\"><div class=\"wpcf7 no-js\" id=\"wpcf7-f3072-o1\" lang=\"pl-PL\" dir=\"ltr\">\n<div class=\"screen-reader-response\">\n<p role=\"status\" aria-live=\"polite\" aria-atomic=\"true\">\n<ul><\/ul>\n<\/div>\n<form action=\"\/pl\/wp-json\/wp\/v2\/pages\/2948#wpcf7-f3072-o1\" method=\"post\" class=\"wpcf7-form init\" aria-label=\"Formularz kontaktowy\" novalidate=\"novalidate\" data-status=\"init\">\n<div style=\"display: none;\">\n<input type=\"hidden\" name=\"_wpcf7\" value=\"3072\" \/><br \/>\n<input type=\"hidden\" name=\"_wpcf7_version\" value=\"5.8\" \/><br \/>\n<input type=\"hidden\" name=\"_wpcf7_locale\" value=\"pl_PL\" \/><br \/>\n<input type=\"hidden\" name=\"_wpcf7_unit_tag\" value=\"wpcf7-f3072-o1\" \/><br \/>\n<input type=\"hidden\" name=\"_wpcf7_container_post\" value=\"0\" \/><br \/>\n<input type=\"hidden\" name=\"_wpcf7_posted_data_hash\" value=\"\" \/>\n<\/div>\n<div class=\"contact-form-block\">\n<div class=\"contact-form\">\n<div class=\"col-lg-4 col-md-4 col-sm-4 col-xs-12\">\n<div class=\"form-group\">\n<p><span class=\"wpcf7-form-control-wrap\" data-name=\"Name\"><input size=\"40\" class=\"wpcf7-form-control wpcf7-text wpcf7-validates-as-required form-control\" id=\"pastor_details_name\" aria-required=\"true\" aria-invalid=\"false\" placeholder=\"Imi\u0119 i nazwisko\" value=\"\" type=\"text\" name=\"Name\" \/><\/span>\n\t\t\t\t<\/p>\n<\/p><\/div>\n<\/p><\/div>\n<div class=\"col-lg-4 col-md-4 col-sm-4 col-xs-12\">\n<div class=\"form-group\">\n<p><span class=\"wpcf7-form-control-wrap\" data-name=\"Phone\"><input size=\"40\" class=\"wpcf7-form-control wpcf7-text wpcf7-validates-as-required form-control\" id=\"pastor_details_number\" aria-required=\"true\" aria-invalid=\"false\" placeholder=\"Numer telefonu\" value=\"\" type=\"text\" name=\"Phone\" \/><\/span>\n\t\t\t\t<\/p>\n<\/p><\/div>\n<\/p><\/div>\n<div class=\"col-lg-4 col-md-4 col-sm-4 col-xs-12\">\n<div class=\"form-group\">\n<p><span class=\"wpcf7-form-control-wrap\" data-name=\"Email\"><input size=\"40\" class=\"wpcf7-form-control wpcf7-text wpcf7-validates-as-required form-control\" id=\"pastor_details_email\" aria-required=\"true\" aria-invalid=\"false\" placeholder=\"Email\" value=\"\" type=\"text\" name=\"Email\" \/><\/span>\n\t\t\t\t<\/p>\n<\/p><\/div>\n<\/p><\/div>\n<div class=\"col-lg-12 col-md-12 col-sm-12 col-xs-12\">\n<div class=\"form-group\">\n<p><span class=\"wpcf7-form-control-wrap\" data-name=\"Message\"><textarea cols=\"40\" rows=\"10\" class=\"wpcf7-form-control wpcf7-textarea wpcf7-validates-as-required form-control\" id=\"pastor_message\" aria-required=\"true\" aria-invalid=\"false\" placeholder=\"Wiadomo\u015b\u0107\" name=\"Message\"><\/textarea><\/span>\n\t\t\t\t<\/p>\n<\/p><\/div>\n<\/p><\/div>\n<div class=\"col-lg-12 col-md-12 col-sm-12 col-xs-12\">\n<p><span class=\"pastor-btn\"><br \/>\n<input class=\"wpcf7-form-control wpcf7-submit has-spinner btn btn-default\" id=\"pastor_details_send\" type=\"submit\" value=\"Wy\u015blij wiadomo\u015b\u0107\" \/><br \/>\n<\/span>\n\t\t\t<\/p>\n<\/p><\/div>\n<\/p><\/div>\n<\/div>\n<div class=\"wpcf7-response-output\" aria-hidden=\"true\"><\/div>\n<\/form>\n<\/div>\n<\/div><\/div><\/div><\/div><\/div><\/section>\n","protected":false},"excerpt":{"rendered":"","protected":false},"author":2,"featured_media":0,"parent":0,"menu_order":38,"comment_status":"closed","ping_status":"closed","template":"","meta":{"footnotes":""},"class_list":["post-2948","page","type-page","status-publish","hentry"],"yoast_head":"<!-- This site is optimized with the Yoast SEO plugin v21.1 - https:\/\/yoast.com\/wordpress\/plugins\/seo\/ -->\n<title>Nasza historia - S\u0141OWO WIARY<\/title>\n<meta name=\"robots\" content=\"index, follow, max-snippet:-1, max-image-preview:large, max-video-preview:-1\" \/>\n<link rel=\"canonical\" href=\"https:\/\/slowowiary.org\/pl\/our-story\/\" \/>\n<meta property=\"og:locale\" content=\"pl_PL\" \/>\n<meta property=\"og:type\" content=\"article\" \/>\n<meta property=\"og:title\" content=\"Nasza historia - S\u0141OWO WIARY\" \/>\n<meta property=\"og:description\" content=\"W 2014 roku powsta\u0142a pierwsza grupa domowa ukrai\u0144skiej diaspory w Warszawie. Codziennie odbywa\u0142y si\u0119 wieczorne modlitwy, \u015bpiewano chrze\u015bcija\u0144skie pie\u015bni, a grupa budowa\u0142a wzajemne relacje. Rok 2016 by\u0142 oficjalnym rokiem rejestracji Zboru w Warszawie i ustanowienia Oleksandra Demianenko pastorem. Rok 2019&nbsp;&#8211; Zb\u00f3r rozwija si\u0119 dynamicznie, otwierane nowe punkty w innych miastach Polski. Kilku us\u0142uguj\u0105cych zosta\u0142o powo\u0142anych [&hellip;]\" \/>\n<meta property=\"og:url\" content=\"https:\/\/slowowiary.org\/pl\/our-story\/\" \/>\n<meta property=\"og:site_name\" content=\"S\u0141OWO WIARY\" \/>\n<meta property=\"article:modified_time\" content=\"2023-08-31T08:21:30+00:00\" \/>\n<meta property=\"og:image\" content=\"https:\/\/slowowiary.org\/wp-content\/uploads\/2023\/07\/DSC01370.jpeg\" \/>\n<meta name=\"twitter:card\" content=\"summary_large_image\" \/>\n<meta name=\"twitter:label1\" content=\"Szacowany czas czytania\" \/>\n\t<meta name=\"twitter:data1\" content=\"2 minuty\" \/>\n<script type=\"application\/ld+json\" class=\"yoast-schema-graph\">{\"@context\":\"https:\/\/schema.org\",\"@graph\":[{\"@type\":\"WebPage\",\"@id\":\"https:\/\/slowowiary.org\/pl\/our-story\/\",\"url\":\"https:\/\/slowowiary.org\/pl\/our-story\/\",\"name\":\"Nasza historia - S\u0141OWO WIARY\",\"isPartOf\":{\"@id\":\"https:\/\/slowowiary.org\/#website\"},\"datePublished\":\"2017-06-23T14:35:33+00:00\",\"dateModified\":\"2023-08-31T08:21:30+00:00\",\"breadcrumb\":{\"@id\":\"https:\/\/slowowiary.org\/pl\/our-story\/#breadcrumb\"},\"inLanguage\":\"pl-PL\",\"potentialAction\":[{\"@type\":\"ReadAction\",\"target\":[\"https:\/\/slowowiary.org\/pl\/our-story\/\"]}]},{\"@type\":\"BreadcrumbList\",\"@id\":\"https:\/\/slowowiary.org\/pl\/our-story\/#breadcrumb\",\"itemListElement\":[{\"@type\":\"ListItem\",\"position\":1,\"name\":\"\u0413\u043e\u043b\u043e\u0432\u043d\u0430\",\"item\":\"https:\/\/slowowiary.org\/pl\/\"},{\"@type\":\"ListItem\",\"position\":2,\"name\":\"Nasza historia\"}]},{\"@type\":\"WebSite\",\"@id\":\"https:\/\/slowowiary.org\/#website\",\"url\":\"https:\/\/slowowiary.org\/\",\"name\":\"S\u0141OWO WIARY\",\"description\":\"\",\"potentialAction\":[{\"@type\":\"SearchAction\",\"target\":{\"@type\":\"EntryPoint\",\"urlTemplate\":\"https:\/\/slowowiary.org\/?s={search_term_string}\"},\"query-input\":\"required name=search_term_string\"}],\"inLanguage\":\"pl-PL\"}]}<\/script>\n<!-- \/ Yoast SEO plugin. -->","yoast_head_json":{"title":"Nasza historia - S\u0141OWO WIARY","robots":{"index":"index","follow":"follow","max-snippet":"max-snippet:-1","max-image-preview":"max-image-preview:large","max-video-preview":"max-video-preview:-1"},"canonical":"https:\/\/slowowiary.org\/pl\/our-story\/","og_locale":"pl_PL","og_type":"article","og_title":"Nasza historia - S\u0141OWO WIARY","og_description":"W 2014 roku powsta\u0142a pierwsza grupa domowa ukrai\u0144skiej diaspory w Warszawie. Codziennie odbywa\u0142y si\u0119 wieczorne modlitwy, \u015bpiewano chrze\u015bcija\u0144skie pie\u015bni, a grupa budowa\u0142a wzajemne relacje. Rok 2016 by\u0142 oficjalnym rokiem rejestracji Zboru w Warszawie i ustanowienia Oleksandra Demianenko pastorem. Rok 2019&nbsp;&#8211; Zb\u00f3r rozwija si\u0119 dynamicznie, otwierane nowe punkty w innych miastach Polski. Kilku us\u0142uguj\u0105cych zosta\u0142o powo\u0142anych [&hellip;]","og_url":"https:\/\/slowowiary.org\/pl\/our-story\/","og_site_name":"S\u0141OWO WIARY","article_modified_time":"2023-08-31T08:21:30+00:00","og_image":[{"url":"https:\/\/slowowiary.org\/wp-content\/uploads\/2023\/07\/DSC01370.jpeg"}],"twitter_card":"summary_large_image","twitter_misc":{"Szacowany czas czytania":"2 minuty"},"schema":{"@context":"https:\/\/schema.org","@graph":[{"@type":"WebPage","@id":"https:\/\/slowowiary.org\/pl\/our-story\/","url":"https:\/\/slowowiary.org\/pl\/our-story\/","name":"Nasza historia - S\u0141OWO WIARY","isPartOf":{"@id":"https:\/\/slowowiary.org\/#website"},"datePublished":"2017-06-23T14:35:33+00:00","dateModified":"2023-08-31T08:21:30+00:00","breadcrumb":{"@id":"https:\/\/slowowiary.org\/pl\/our-story\/#breadcrumb"},"inLanguage":"pl-PL","potentialAction":[{"@type":"ReadAction","target":["https:\/\/slowowiary.org\/pl\/our-story\/"]}]},{"@type":"BreadcrumbList","@id":"https:\/\/slowowiary.org\/pl\/our-story\/#breadcrumb","itemListElement":[{"@type":"ListItem","position":1,"name":"\u0413\u043e\u043b\u043e\u0432\u043d\u0430","item":"https:\/\/slowowiary.org\/pl\/"},{"@type":"ListItem","position":2,"name":"Nasza historia"}]},{"@type":"WebSite","@id":"https:\/\/slowowiary.org\/#website","url":"https:\/\/slowowiary.org\/","name":"S\u0141OWO WIARY","description":"","potentialAction":[{"@type":"SearchAction","target":{"@type":"EntryPoint","urlTemplate":"https:\/\/slowowiary.org\/?s={search_term_string}"},"query-input":"required name=search_term_string"}],"inLanguage":"pl-PL"}]}},"_links":{"self":[{"href":"https:\/\/slowowiary.org\/pl\/wp-json\/wp\/v2\/pages\/2948","targetHints":{"allow":["GET"]}}],"collection":[{"href":"https:\/\/slowowiary.org\/pl\/wp-json\/wp\/v2\/pages"}],"about":[{"href":"https:\/\/slowowiary.org\/pl\/wp-json\/wp\/v2\/types\/page"}],"author":[{"embeddable":true,"href":"https:\/\/slowowiary.org\/pl\/wp-json\/wp\/v2\/users\/2"}],"replies":[{"embeddable":true,"href":"https:\/\/slowowiary.org\/pl\/wp-json\/wp\/v2\/comments?post=2948"}],"version-history":[{"count":4,"href":"https:\/\/slowowiary.org\/pl\/wp-json\/wp\/v2\/pages\/2948\/revisions"}],"predecessor-version":[{"id":3327,"href":"https:\/\/slowowiary.org\/pl\/wp-json\/wp\/v2\/pages\/2948\/revisions\/3327"}],"wp:attachment":[{"href":"https:\/\/slowowiary.org\/pl\/wp-json\/wp\/v2\/media?parent=2948"}],"curies":[{"name":"wp","href":"https:\/\/api.w.org\/{rel}","templated":true}]}}